{"id":308,"date":"2019-05-21T09:17:44","date_gmt":"2019-05-21T09:17:44","guid":{"rendered":"http:\/\/rccb.ch\/?page_id=308"},"modified":"2019-05-21T09:18:17","modified_gmt":"2019-05-21T09:18:17","slug":"netzfilter","status":"publish","type":"page","link":"https:\/\/rccb.ch\/wordpress\/ableitstrom\/netzfilter\/","title":{"rendered":"Netzfilter"},"content":{"rendered":"\n<p><em><strong>NF-DAR <\/strong><\/em><\/p>\n\n\n\n<p><strong>Ableitstromreduktionsfilter<\/strong><\/p>\n\n\n\n<div class=\"wp-block-media-text alignwide\" style=\"grid-template-columns:36% auto\"><figure class=\"wp-block-media-text__media\"><img loading=\"lazy\" decoding=\"async\" width=\"1024\" height=\"983\" src=\"http:\/\/rccb.ch\/wordpress\/wp-content\/uploads\/2019\/04\/NF-DAR-10-3_RGB-1024x983.jpg\" alt=\"\" class=\"wp-image-309\" srcset=\"https:\/\/rccb.ch\/wordpress\/wp-content\/uploads\/2019\/04\/NF-DAR-10-3_RGB-1024x983.jpg 1024w, https:\/\/rccb.ch\/wordpress\/wp-content\/uploads\/2019\/04\/NF-DAR-10-3_RGB-300x288.jpg 300w, https:\/\/rccb.ch\/wordpress\/wp-content\/uploads\/2019\/04\/NF-DAR-10-3_RGB-768x737.jpg 768w, https:\/\/rccb.ch\/wordpress\/wp-content\/uploads\/2019\/04\/NF-DAR-10-3_RGB-156x150.jpg 156w, https:\/\/rccb.ch\/wordpress\/wp-content\/uploads\/2019\/04\/NF-DAR-10-3_RGB.jpg 1200w\" sizes=\"auto, (max-width: 1024px) 100vw, 1024px\" \/><\/figure><div class=\"wp-block-media-text__content\">\n<p>Mit den Filtern der Serie NF-DAR werden betriebsbedingte Ableitstr\u00f6me minimiert. Ableitstr\u00f6me, die durch notwendige und durchaus \u00fcbliche EMV-Massnahmen, wie zum Beispiel abgeschirmte Motorleitungen, Ein- und Ausgangs\ufb01lter am Frequenzumrichter, erzeugt werden. Die Frequenzbereiche dieser Ableitstr\u00f6me k\u00f6nnen unerw\u00fcnschten Einfluss auf die in vielen Unternehmen vorgeschriebene Schutzma\u00dfnahmen, wie zum Beispiel den Fehlerstromschutzschalter, nehmen.<\/p>\n<\/div><\/div>\n\n\n\n<p>Die Filterserie NF-DAR erm\u00f6glicht den Einsatz der Schutzmassnahmen und erh\u00f6ht die Anlagenverf\u00fcgbarkeit. Das Filter arbeitet selektiv im Frequenzbereich von 2-20 kHz. Es ist f\u00fcr Betriebsstr\u00f6me von 10-180 A lieferbar.<\/p>\n\n\n\n<p>Schaltet man zwischen\nFI-Schutzschalter und Frequenzumrichter ein NF-DAR Filter, so werden die Ableitstr\u00f6me\nim Taktfrequenzbereich auf ein Minimum reduziert. Der Betrieb von einem oder\nmehreren Frequenzumrichtern an einem FI-Schutzschalter ist somit problemlos\nm\u00f6glich.<\/p>\n\n\n\n<div class=\"wp-block-media-text alignwide\" style=\"grid-template-columns:44% auto\"><figure class=\"wp-block-media-text__media\"><img loading=\"lazy\" decoding=\"async\" width=\"300\" height=\"110\" src=\"http:\/\/rccb.ch\/wordpress\/wp-content\/uploads\/2019\/04\/Prinzipschaltbild_NF_DAR-300x110.jpg\" alt=\"\" class=\"wp-image-310\" srcset=\"https:\/\/rccb.ch\/wordpress\/wp-content\/uploads\/2019\/04\/Prinzipschaltbild_NF_DAR-300x110.jpg 300w, https:\/\/rccb.ch\/wordpress\/wp-content\/uploads\/2019\/04\/Prinzipschaltbild_NF_DAR-768x280.jpg 768w, https:\/\/rccb.ch\/wordpress\/wp-content\/uploads\/2019\/04\/Prinzipschaltbild_NF_DAR-1024x374.jpg 1024w, https:\/\/rccb.ch\/wordpress\/wp-content\/uploads\/2019\/04\/Prinzipschaltbild_NF_DAR.jpg 1854w\" sizes=\"auto, (max-width: 300px) 100vw, 300px\" \/><\/figure><div class=\"wp-block-media-text__content\">\n<p>Prinzipschaltbild NF-DAR<\/p>\n<\/div><\/div>\n\n\n\n<hr class=\"wp-block-separator\"\/>\n\n\n\n<p><em><strong>NF-KC-DAR<\/strong><\/em><\/p>\n\n\n\n<p><strong>Kombiniertes EMV- und Ableitstromreduktionsfilter<\/strong><\/p>\n\n\n\n<div class=\"wp-block-media-text alignwide\" style=\"grid-template-columns:38% auto\"><figure class=\"wp-block-media-text__media\"><img loading=\"lazy\" decoding=\"async\" width=\"1014\" height=\"1024\" src=\"http:\/\/rccb.ch\/wordpress\/wp-content\/uploads\/2019\/04\/NF-KC-DAR-6316_RGB-1014x1024.jpg\" alt=\"\" class=\"wp-image-316\" srcset=\"https:\/\/rccb.ch\/wordpress\/wp-content\/uploads\/2019\/04\/NF-KC-DAR-6316_RGB-1014x1024.jpg 1014w, https:\/\/rccb.ch\/wordpress\/wp-content\/uploads\/2019\/04\/NF-KC-DAR-6316_RGB-150x150.jpg 150w, https:\/\/rccb.ch\/wordpress\/wp-content\/uploads\/2019\/04\/NF-KC-DAR-6316_RGB-297x300.jpg 297w, https:\/\/rccb.ch\/wordpress\/wp-content\/uploads\/2019\/04\/NF-KC-DAR-6316_RGB-768x776.jpg 768w, https:\/\/rccb.ch\/wordpress\/wp-content\/uploads\/2019\/04\/NF-KC-DAR-6316_RGB-149x150.jpg 149w, https:\/\/rccb.ch\/wordpress\/wp-content\/uploads\/2019\/04\/NF-KC-DAR-6316_RGB.jpg 1200w\" sizes=\"auto, (max-width: 1014px) 100vw, 1014px\" \/><\/figure><div class=\"wp-block-media-text__content\">\n<p>Das Kombi\ufb01lter NF-KC-DAR verbindet die Eigenschaften des konventionellen  EPA\u2013Hochleistungsnetz\ufb01lters NF-KC mit der ableitstromreduzierenden  Wirkung des Reduktions\ufb01lters NF-DAR. Es ist f\u00fcr Betriebsstr\u00f6me von  10-180 A lieferbar. <\/p>\n<\/div><\/div>\n\n\n\n<p>Wird das NF-KC-DAR Filter\nzwischen FI-Schutzschalter und Frequenzumrichter geschaltet, so werden die\nAbleitstr\u00f6me im Taktfrequenzbereich auf ein Minimum reduziert. Dar\u00fcber hinaus\nwird die EMV des Systems signi\ufb01kant verbessert. Die Einhaltung der Grenzwerte\nf\u00fcr leitungsgebundene St\u00f6rungen von 150 kHz bis 30 MHz nach EN 61800-3\nKategorieC2 ist bis 100 m Motorleitung m\u00f6glich. Der Betrieb von einem oder\nmehreren Frequenzumrichtern an einem FI-Schutzschalter ist somit problemlos\nm\u00f6glich.<\/p>\n\n\n\n<div class=\"wp-block-media-text alignwide\"><figure class=\"wp-block-media-text__media\"><img loading=\"lazy\" decoding=\"async\" width=\"1024\" height=\"706\" src=\"http:\/\/rccb.ch\/wordpress\/wp-content\/uploads\/2019\/04\/Prinzipschaltbild_NF_KC-DAR_16_40-1024x706.jpg\" alt=\"\" class=\"wp-image-318\" srcset=\"https:\/\/rccb.ch\/wordpress\/wp-content\/uploads\/2019\/04\/Prinzipschaltbild_NF_KC-DAR_16_40-1024x706.jpg 1024w, https:\/\/rccb.ch\/wordpress\/wp-content\/uploads\/2019\/04\/Prinzipschaltbild_NF_KC-DAR_16_40-300x207.jpg 300w, https:\/\/rccb.ch\/wordpress\/wp-content\/uploads\/2019\/04\/Prinzipschaltbild_NF_KC-DAR_16_40-768x529.jpg 768w, https:\/\/rccb.ch\/wordpress\/wp-content\/uploads\/2019\/04\/Prinzipschaltbild_NF_KC-DAR_16_40-218x150.jpg 218w, https:\/\/rccb.ch\/wordpress\/wp-content\/uploads\/2019\/04\/Prinzipschaltbild_NF_KC-DAR_16_40.jpg 1200w\" sizes=\"auto, (max-width: 1024px) 100vw, 1024px\" \/><\/figure><div class=\"wp-block-media-text__content\">\n<p>Prinzipschaltbild NF-KC-DAR <\/p>\n<\/div><\/div>\n\n\n\n<hr class=\"wp-block-separator\"\/>\n\n\n\n<div class=\"wp-block-image\"><figure class=\"aligncenter is-resized\"><img loading=\"lazy\" decoding=\"async\" src=\"http:\/\/rccb.ch\/wordpress\/wp-content\/uploads\/2019\/04\/Messung_Ableitstrom_\u00fcber_Frequenz_ohne_DARKC-DAR-1024x409.jpg\" alt=\"\" class=\"wp-image-311\" width=\"579\" height=\"231\" srcset=\"https:\/\/rccb.ch\/wordpress\/wp-content\/uploads\/2019\/04\/Messung_Ableitstrom_\u00fcber_Frequenz_ohne_DARKC-DAR-1024x409.jpg 1024w, https:\/\/rccb.ch\/wordpress\/wp-content\/uploads\/2019\/04\/Messung_Ableitstrom_\u00fcber_Frequenz_ohne_DARKC-DAR-300x120.jpg 300w, https:\/\/rccb.ch\/wordpress\/wp-content\/uploads\/2019\/04\/Messung_Ableitstrom_\u00fcber_Frequenz_ohne_DARKC-DAR-768x307.jpg 768w\" sizes=\"auto, (max-width: 579px) 100vw, 579px\" \/><figcaption><strong>ohne Netzfilter:<\/strong> hoher Ableitstrom, FI l\u00f6st aus<\/figcaption><\/figure><\/div>\n\n\n\n<div class=\"wp-block-image\"><figure class=\"aligncenter is-resized\"><img loading=\"lazy\" decoding=\"async\" src=\"http:\/\/rccb.ch\/wordpress\/wp-content\/uploads\/2019\/04\/Messung_Ableitstrom_\u00fcber_Frequenz_mit_DARKC-DAR-1024x409.jpg\" alt=\"\" class=\"wp-image-314\" width=\"579\" height=\"242\"\/><figcaption> <br><strong>mit Netzfilter:<\/strong> niedriger Ableitstrom, FI h\u00e4lt <\/figcaption><\/figure><\/div>\n","protected":false},"excerpt":{"rendered":"<p>NF-DAR Ableitstromreduktionsfilter Mit den Filtern der Serie NF-DAR werden betriebsbedingte Ableitstr\u00f6me minimiert. Ableitstr\u00f6me, die durch notwendige und durchaus \u00fcbliche EMV-Massnahmen, wie zum Beispiel abgeschirmte Motorleitungen, Ein- und Ausgangs\ufb01lter am Frequenzumrichter, <a class=\"more-link\" href=\"https:\/\/rccb.ch\/wordpress\/ableitstrom\/netzfilter\/\">weiterlesen&#8230;<\/a><\/p>\n","protected":false},"author":1,"featured_media":324,"parent":321,"menu_order":0,"comment_status":"closed","ping_status":"closed","template":"","meta":{"footnotes":""},"class_list":["post-308","page","type-page","status-publish","has-post-thumbnail","hentry"],"_links":{"self":[{"href":"https:\/\/rccb.ch\/wordpress\/wp-json\/wp\/v2\/pages\/308","targetHints":{"allow":["GET"]}}],"collection":[{"href":"https:\/\/rccb.ch\/wordpress\/wp-json\/wp\/v2\/pages"}],"about":[{"href":"https:\/\/rccb.ch\/wordpress\/wp-json\/wp\/v2\/types\/page"}],"author":[{"embeddable":true,"href":"https:\/\/rccb.ch\/wordpress\/wp-json\/wp\/v2\/users\/1"}],"replies":[{"embeddable":true,"href":"https:\/\/rccb.ch\/wordpress\/wp-json\/wp\/v2\/comments?post=308"}],"version-history":[{"count":6,"href":"https:\/\/rccb.ch\/wordpress\/wp-json\/wp\/v2\/pages\/308\/revisions"}],"predecessor-version":[{"id":320,"href":"https:\/\/rccb.ch\/wordpress\/wp-json\/wp\/v2\/pages\/308\/revisions\/320"}],"up":[{"embeddable":true,"href":"https:\/\/rccb.ch\/wordpress\/wp-json\/wp\/v2\/pages\/321"}],"wp:featuredmedia":[{"embeddable":true,"href":"https:\/\/rccb.ch\/wordpress\/wp-json\/wp\/v2\/media\/324"}],"wp:attachment":[{"href":"https:\/\/rccb.ch\/wordpress\/wp-json\/wp\/v2\/media?parent=308"}],"curies":[{"name":"wp","href":"https:\/\/api.w.org\/{rel}","templated":true}]}}